{"id":184,"date":"2021-12-02T01:30:40","date_gmt":"2021-12-02T01:30:40","guid":{"rendered":"https:\/\/juangonzalezformayor.com\/?page_id=184"},"modified":"2022-10-25T06:06:06","modified_gmt":"2022-10-25T06:06:06","slug":"meet-juan","status":"publish","type":"page","link":"https:\/\/juangonzalezformayor.com\/pt\/meet-juan\/","title":{"rendered":"Conhe\u00e7a Juan"},"content":{"rendered":"<div data-elementor-type=\"wp-page\" data-elementor-id=\"184\" class=\"elementor elementor-184\" data-elementor-post-type=\"page\">\n\t\t\t\t\t\t<section class=\"elementor-section elementor-top-section elementor-element elementor-element-624a095 elementor-section-full_width elementor-section-height-default elementor-section-height-default\" data-id=\"624a095\" data-element_type=\"section\">\n\t\t\t\t\t\t<div class=\"elementor-container elementor-column-gap-default\">\n\t\t\t\t\t<div class=\"elementor-column elementor-col-50 elementor-top-column elementor-element elementor-element-c07a985\" data-id=\"c07a985\" data-element_type=\"column\">\n\t\t\t<div class=\"elementor-widget-wrap elementor-element-populated\">\n\t\t\t\t\t\t<div class=\"elementor-element elementor-element-25f9776 elementor-widget elementor-widget-image\" data-id=\"25f9776\" data-element_type=\"widget\" data-widget_type=\"image.default\">\n\t\t\t\t<div class=\"elementor-widget-container\">\n\t\t\t\t\t\t\t\t\t\t\t\t\t\t\t<img decoding=\"async\" src=\"https:\/\/juangonzalezformayor.com\/wp-content\/uploads\/elementor\/thumbs\/Gonzalez-Juan-USPM-2015-Headshot-2a-2-scaled-pleytf9endb4t55mpq1m8fdkx9zoq3ur93ct2fbi2o.jpg\" title=\"Gonzalez Juan USPM 2015 Headshot-2a (2)\" alt=\"Gonzalez Juan USPM 2015 Headshot-2a (2)\" loading=\"lazy\" \/>\t\t\t\t\t\t\t\t\t\t\t\t\t\t\t<\/div>\n\t\t\t\t<\/div>\n\t\t\t\t\t<\/div>\n\t\t<\/div>\n\t\t\t\t<div class=\"elementor-column elementor-col-50 elementor-top-column elementor-element elementor-element-01bf157\" data-id=\"01bf157\" data-element_type=\"column\">\n\t\t\t<div class=\"elementor-widget-wrap elementor-element-populated\">\n\t\t\t\t\t\t<div class=\"elementor-element elementor-element-92a13e6 elementor-widget elementor-widget-heading\" data-id=\"92a13e6\" data-element_type=\"widget\" data-widget_type=\"heading.default\">\n\t\t\t\t<div class=\"elementor-widget-container\">\n\t\t\t\t\t<h3 class=\"elementor-heading-title elementor-size-medium\">Fatos r\u00e1pidos<\/h3>\t\t\t\t<\/div>\n\t\t\t\t<\/div>\n\t\t\t\t<div class=\"elementor-element elementor-element-3702314 elementor-widget elementor-widget-text-editor\" data-id=\"3702314\" data-element_type=\"widget\" data-widget_type=\"text-editor.default\">\n\t\t\t\t<div class=\"elementor-widget-container\">\n\t\t\t\t\t\t\t\t\t<ul><li><span style=\"font-weight: 400;\">30 anos de servi\u00e7o \u00e0 nossa comunidade<\/span><\/li><li><span style=\"font-weight: 400;\">L\u00edder e colaborador individual em diversas organiza\u00e7\u00f5es comunit\u00e1rias<\/span><\/li><li><span style=\"font-weight: 400;\">Ph.D. do MIT em economia (principais \u00e1reas: finan\u00e7as p\u00fablicas e organiza\u00e7\u00e3o industrial)<\/span><\/li><li><span style=\"font-weight: 400;\">Casado com a administradora do SLUSD School Board, Evelyn Gonzalez, por quase 30 anos<\/span><\/li><li><span style=\"font-weight: 400;\">Pai de quatro filhos que frequentaram e se formaram nas escolas p\u00fablicas de San Leandro<\/span><\/li><li><span style=\"font-weight: 400;\">Diretor da KPMG (propriet\u00e1rio da empresa)<\/span><\/li><\/ul>\t\t\t\t\t\t\t\t<\/div>\n\t\t\t\t<\/div>\n\t\t\t\t\t<\/div>\n\t\t<\/div>\n\t\t\t\t\t<\/div>\n\t\t<\/section>\n\t\t\t\t<section class=\"elementor-section elementor-top-section elementor-element elementor-element-3e37594 elementor-section-boxed elementor-section-height-default elementor-section-height-default\" data-id=\"3e37594\" data-element_type=\"section\">\n\t\t\t\t\t\t<div class=\"elementor-container elementor-column-gap-default\">\n\t\t\t\t\t<div class=\"elementor-column elementor-col-100 elementor-top-column elementor-element elementor-element-89c372f\" data-id=\"89c372f\" data-element_type=\"column\">\n\t\t\t<div class=\"elementor-widget-wrap elementor-element-populated\">\n\t\t\t\t\t\t<div class=\"elementor-element elementor-element-b1c4a6f elementor-widget elementor-widget-text-editor\" data-id=\"b1c4a6f\" data-element_type=\"widget\" data-widget_type=\"text-editor.default\">\n\t\t\t\t<div class=\"elementor-widget-container\">\n\t\t\t\t\t\t\t\t\t<h5 style=\"font-style: normal; text-align: center;\"><span style=\"text-decoration-line: underline;\"><span style=\"font-weight: bold;\">Conhe\u00e7a Juan<\/span><\/span><\/h5><p style=\"font-size: 19.5px; font-style: normal; font-weight: 400; color: #54595f;\">Por mais de 30 anos, Juan serviu na comunidade de San Leandro, desenvolvendo uma merecida reputa\u00e7\u00e3o como um l\u00edder trabalhador, perspicaz e compassivo.<\/p><h5 style=\"font-style: normal; text-align: center;\"><span style=\"text-decoration-line: underline;\"><span style=\"font-weight: bold;\">Trabalho duro, determina\u00e7\u00e3o e paix\u00e3o pela educa\u00e7\u00e3o<\/span><\/span><\/h5><p style=\"font-size: 19.5px; font-style: normal; font-weight: 400; color: #54595f;\">Juan nasceu no Texas de pais mexicano-americanos cujo caminho para sair da pobreza foi a educa\u00e7\u00e3o e o trabalho duro. Quando crian\u00e7a, ele ouvia as hist\u00f3rias de sua m\u00e3e sobre viajar para o oeste do Texas para \u201cla pisca\u201d \u2013 a colheita de colheitas sazonais, incluindo vegetais e algod\u00e3o. Ela contava a hist\u00f3ria de um parente que a dirigiu 32 quil\u00f4metros e desinteressadamente lhe deu algum dinheiro para se matricular em sua primeira aula na faculdade. Seu pai compartilhou hist\u00f3rias sobre a Grande Depress\u00e3o e a import\u00e2ncia de estar preparado. Como professores, ambos enfatizaram a import\u00e2ncia da educa\u00e7\u00e3o, dilig\u00eancia e ajudar os outros.<\/p>\t\t\t\t\t\t\t\t<\/div>\n\t\t\t\t<\/div>\n\t\t\t\t\t<\/div>\n\t\t<\/div>\n\t\t\t\t\t<\/div>\n\t\t<\/section>\n\t\t\t\t<section class=\"elementor-section elementor-top-section elementor-element elementor-element-1ab8b16 elementor-section-boxed elementor-section-height-default elementor-section-height-default\" data-id=\"1ab8b16\" data-element_type=\"section\">\n\t\t\t\t\t\t<div class=\"elementor-container elementor-column-gap-default\">\n\t\t\t\t\t<div class=\"elementor-column elementor-col-25 elementor-top-column elementor-element elementor-element-6bf33dc\" data-id=\"6bf33dc\" data-element_type=\"column\">\n\t\t\t<div class=\"elementor-widget-wrap\">\n\t\t\t\t\t\t\t<\/div>\n\t\t<\/div>\n\t\t\t\t<div class=\"elementor-column elementor-col-25 elementor-top-column elementor-element elementor-element-76e679b\" data-id=\"76e679b\" data-element_type=\"column\">\n\t\t\t<div class=\"elementor-widget-wrap elementor-element-populated\">\n\t\t\t\t\t\t<div class=\"elementor-element elementor-element-10975c5 elementor-widget elementor-widget-image\" data-id=\"10975c5\" data-element_type=\"widget\" data-widget_type=\"image.default\">\n\t\t\t\t<div class=\"elementor-widget-container\">\n\t\t\t\t\t\t\t\t\t\t\t\t<figure class=\"wp-caption\">\n\t\t\t\t\t\t\t\t\t\t<img decoding=\"async\" src=\"https:\/\/juangonzalezformayor.com\/wp-content\/uploads\/2022\/09\/Grandparents.jpg\" title=\"Grandparents\" alt=\"Juan&#039;s Grandparents\" loading=\"lazy\" \/>\t\t\t\t\t\t\t\t\t\t\t<figcaption class=\"widget-image-caption wp-caption-text\">Juan's grandparents<\/figcaption>\n\t\t\t\t\t\t\t\t\t\t<\/figure>\n\t\t\t\t\t\t\t\t\t<\/div>\n\t\t\t\t<\/div>\n\t\t\t\t\t<\/div>\n\t\t<\/div>\n\t\t\t\t<div class=\"elementor-column elementor-col-25 elementor-top-column elementor-element elementor-element-47f7a30\" data-id=\"47f7a30\" data-element_type=\"column\">\n\t\t\t<div class=\"elementor-widget-wrap elementor-element-populated\">\n\t\t\t\t\t\t<div class=\"elementor-element elementor-element-ea6153b elementor-widget elementor-widget-image\" data-id=\"ea6153b\" data-element_type=\"widget\" data-widget_type=\"image.default\">\n\t\t\t\t<div class=\"elementor-widget-container\">\n\t\t\t\t\t\t\t\t\t\t\t\t<figure class=\"wp-caption\">\n\t\t\t\t\t\t\t\t\t\t<img decoding=\"async\" src=\"https:\/\/juangonzalezformayor.com\/wp-content\/uploads\/2022\/09\/Baby_Juan_Volunteer1.jpg\" title=\"Baby_Juan_Volunteer1\" alt=\"Juan assisting his father\" loading=\"lazy\" \/>\t\t\t\t\t\t\t\t\t\t\t<figcaption class=\"widget-image-caption wp-caption-text\">Juan with his father<\/figcaption>\n\t\t\t\t\t\t\t\t\t\t<\/figure>\n\t\t\t\t\t\t\t\t\t<\/div>\n\t\t\t\t<\/div>\n\t\t\t\t\t<\/div>\n\t\t<\/div>\n\t\t\t\t<div class=\"elementor-column elementor-col-25 elementor-top-column elementor-element elementor-element-12b2c56\" data-id=\"12b2c56\" data-element_type=\"column\">\n\t\t\t<div class=\"elementor-widget-wrap\">\n\t\t\t\t\t\t\t<\/div>\n\t\t<\/div>\n\t\t\t\t\t<\/div>\n\t\t<\/section>\n\t\t\t\t<section class=\"elementor-section elementor-top-section elementor-element elementor-element-4500850 elementor-section-boxed elementor-section-height-default elementor-section-height-default\" data-id=\"4500850\" data-element_type=\"section\">\n\t\t\t\t\t\t<div class=\"elementor-container elementor-column-gap-default\">\n\t\t\t\t\t<div class=\"elementor-column elementor-col-100 elementor-top-column elementor-element elementor-element-3d783f1\" data-id=\"3d783f1\" data-element_type=\"column\">\n\t\t\t<div class=\"elementor-widget-wrap elementor-element-populated\">\n\t\t\t\t\t\t<div class=\"elementor-element elementor-element-ae885db elementor-widget elementor-widget-text-editor\" data-id=\"ae885db\" data-element_type=\"widget\" data-widget_type=\"text-editor.default\">\n\t\t\t\t<div class=\"elementor-widget-container\">\n\t\t\t\t\t\t\t\t\t<p>Inspirado por seus pais, Juan desenvolveu uma paix\u00e3o por aprender, ajudar e liderar. Juan se formou na Universidade do Texas com as maiores honras em economia. Juan tamb\u00e9m aprendeu o valor do trabalho duro e honesto durante esse per\u00edodo, trabalhando como busser, bagger, stocker e tutor.<\/p><p>Com o apoio de uma bolsa da Funda\u00e7\u00e3o Ford, Juan continuou sua educa\u00e7\u00e3o e obteve um doutorado em economia com especializa\u00e7\u00e3o em Finan\u00e7as P\u00fablicas e Organiza\u00e7\u00e3o Industrial do Instituto de Tecnologia de Massachusetts (MIT) na \u00e1rea de Boston.<\/p><p>Juan entrou no mundo dos neg\u00f3cios como analista de dados trabalhando longas horas. Eventualmente, Juan tornou-se propriet\u00e1rio de uma empresa como diretor da grande empresa de contabilidade KPMG, onde trabalhou ainda mais horas ajudando \u00f3rg\u00e3os p\u00fablicos e clientes n\u00e3o governamentais a resolver quest\u00f5es complexas. Na KPMG, Juan liderou com sucesso uma equipe talentosa e culturalmente diversificada, ajudando seus funcion\u00e1rios a se tornarem l\u00edderes na empresa.<\/p>\t\t\t\t\t\t\t\t<\/div>\n\t\t\t\t<\/div>\n\t\t\t\t\t<\/div>\n\t\t<\/div>\n\t\t\t\t\t<\/div>\n\t\t<\/section>\n\t\t\t\t<section class=\"elementor-section elementor-top-section elementor-element elementor-element-70e5db8 elementor-section-boxed elementor-section-height-default elementor-section-height-default\" data-id=\"70e5db8\" data-element_type=\"section\">\n\t\t\t\t\t\t<div class=\"elementor-container elementor-column-gap-default\">\n\t\t\t\t\t<div class=\"elementor-column elementor-col-100 elementor-top-column elementor-element elementor-element-e02f4a5\" data-id=\"e02f4a5\" data-element_type=\"column\">\n\t\t\t<div class=\"elementor-widget-wrap elementor-element-populated\">\n\t\t\t\t\t\t<div class=\"elementor-element elementor-element-9f0285a elementor-widget elementor-widget-text-editor\" data-id=\"9f0285a\" data-element_type=\"widget\" data-widget_type=\"text-editor.default\">\n\t\t\t\t<div class=\"elementor-widget-container\">\n\t\t\t\t\t\t\t\t\t<h5 style=\"text-align: center;\"><span style=\"text-decoration: underline;\"><strong>Criando uma fam\u00edlia em San Leandro<\/strong><\/span><\/h5><p>Juan casou-se com Evelyn h\u00e1 quase 30 anos. Juntos, eles criaram quatro filhos maravilhosos, todos frequentando e se formando nas escolas p\u00fablicas de San Leandro. Eles s\u00e3o atualmente aben\u00e7oados com dois netos.<\/p>\t\t\t\t\t\t\t\t<\/div>\n\t\t\t\t<\/div>\n\t\t\t\t\t<\/div>\n\t\t<\/div>\n\t\t\t\t\t<\/div>\n\t\t<\/section>\n\t\t\t\t<section class=\"elementor-section elementor-top-section elementor-element elementor-element-7b2fbf7 elementor-section-boxed elementor-section-height-default elementor-section-height-default\" data-id=\"7b2fbf7\" data-element_type=\"section\">\n\t\t\t\t\t\t<div class=\"elementor-container elementor-column-gap-default\">\n\t\t\t\t\t<div class=\"elementor-column elementor-col-100 elementor-top-column elementor-element elementor-element-264a119\" data-id=\"264a119\" data-element_type=\"column\">\n\t\t\t<div class=\"elementor-widget-wrap elementor-element-populated\">\n\t\t\t\t\t\t<div class=\"elementor-element elementor-element-adaa5af elementor-widget elementor-widget-image\" data-id=\"adaa5af\" data-element_type=\"widget\" data-widget_type=\"image.default\">\n\t\t\t\t<div class=\"elementor-widget-container\">\n\t\t\t\t\t\t\t\t\t\t\t\t<figure class=\"wp-caption\">\n\t\t\t\t\t\t\t\t\t\t<img decoding=\"async\" src=\"https:\/\/juangonzalezformayor.com\/wp-content\/uploads\/2022\/09\/Kids_Young-scaled-e1665093361831.jpg\" title=\"Kids_Young\" alt=\"Kids_Young\" loading=\"lazy\" \/>\t\t\t\t\t\t\t\t\t\t\t<figcaption class=\"widget-image-caption wp-caption-text\">Juan and Evelyn's four children (2006)<\/figcaption>\n\t\t\t\t\t\t\t\t\t\t<\/figure>\n\t\t\t\t\t\t\t\t\t<\/div>\n\t\t\t\t<\/div>\n\t\t\t\t\t<\/div>\n\t\t<\/div>\n\t\t\t\t\t<\/div>\n\t\t<\/section>\n\t\t\t\t<section class=\"elementor-section elementor-top-section elementor-element elementor-element-e12e5ad elementor-section-boxed elementor-section-height-default elementor-section-height-default\" data-id=\"e12e5ad\" data-element_type=\"section\">\n\t\t\t\t\t\t<div class=\"elementor-container elementor-column-gap-default\">\n\t\t\t\t\t<div class=\"elementor-column elementor-col-100 elementor-top-column elementor-element elementor-element-4611922\" data-id=\"4611922\" data-element_type=\"column\">\n\t\t\t<div class=\"elementor-widget-wrap elementor-element-populated\">\n\t\t\t\t\t\t<div class=\"elementor-element elementor-element-7a66646 elementor-widget elementor-widget-text-editor\" data-id=\"7a66646\" data-element_type=\"widget\" data-widget_type=\"text-editor.default\">\n\t\t\t\t<div class=\"elementor-widget-container\">\n\t\t\t\t\t\t\t\t\t<p>A paternidade proporcionou a Evelyn e Juan a oportunidade de colaborar e explorar os pontos fortes um do outro. Embora a paternidade nem sempre fosse f\u00e1cil, eles permaneceram persistentes em refor\u00e7ar a import\u00e2ncia de valores fundamentais como honestidade, f\u00e9, compaix\u00e3o, generosidade, perd\u00e3o e colocar as necessidades dos outros em primeiro lugar. Eles s\u00e3o gratos pelo apoio que receberam de tantos na comunidade ao longo dos anos, pois realmente \u201ctoma uma aldeia\u201d.<\/p><h5 style=\"text-align: center;\"><b><u>Excelente servi\u00e7o e profundo compromisso com San Leandro<\/u><\/b><\/h5>\t\t\t\t\t\t\t\t<\/div>\n\t\t\t\t<\/div>\n\t\t\t\t\t<\/div>\n\t\t<\/div>\n\t\t\t\t\t<\/div>\n\t\t<\/section>\n\t\t\t\t<section class=\"elementor-section elementor-top-section elementor-element elementor-element-6e07b0e elementor-section-boxed elementor-section-height-default elementor-section-height-default\" data-id=\"6e07b0e\" data-element_type=\"section\">\n\t\t\t\t\t\t<div class=\"elementor-container elementor-column-gap-default\">\n\t\t\t\t\t<div class=\"elementor-column elementor-col-100 elementor-top-column elementor-element elementor-element-c1044da\" data-id=\"c1044da\" data-element_type=\"column\">\n\t\t\t<div class=\"elementor-widget-wrap elementor-element-populated\">\n\t\t\t\t\t\t<div class=\"elementor-element elementor-element-c20637d elementor-widget elementor-widget-image\" data-id=\"c20637d\" data-element_type=\"widget\" data-widget_type=\"image.default\">\n\t\t\t\t<div class=\"elementor-widget-container\">\n\t\t\t\t\t\t\t\t\t\t\t\t<figure class=\"wp-caption\">\n\t\t\t\t\t\t\t\t\t\t<img decoding=\"async\" src=\"https:\/\/juangonzalezformayor.com\/wp-content\/uploads\/2022\/09\/Setup_Roosevelt_Festival-2-scaled.jpg\" title=\"Setup_Roosevelt_Festival-2\" alt=\"Setup_Roosevelt_Festival-2\" loading=\"lazy\" \/>\t\t\t\t\t\t\t\t\t\t\t<figcaption class=\"widget-image-caption wp-caption-text\">Juan and Evelyn volunteering for 30 years<\/figcaption>\n\t\t\t\t\t\t\t\t\t\t<\/figure>\n\t\t\t\t\t\t\t\t\t<\/div>\n\t\t\t\t<\/div>\n\t\t\t\t\t<\/div>\n\t\t<\/div>\n\t\t\t\t\t<\/div>\n\t\t<\/section>\n\t\t\t\t<section class=\"elementor-section elementor-top-section elementor-element elementor-element-c531521 elementor-section-boxed elementor-section-height-default elementor-section-height-default\" data-id=\"c531521\" data-element_type=\"section\">\n\t\t\t\t\t\t<div class=\"elementor-container elementor-column-gap-default\">\n\t\t\t\t\t<div class=\"elementor-column elementor-col-100 elementor-top-column elementor-element elementor-element-c1b0d18\" data-id=\"c1b0d18\" data-element_type=\"column\">\n\t\t\t<div class=\"elementor-widget-wrap elementor-element-populated\">\n\t\t\t\t\t\t<div class=\"elementor-element elementor-element-e9544a4 elementor-widget elementor-widget-text-editor\" data-id=\"e9544a4\" data-element_type=\"widget\" data-widget_type=\"text-editor.default\">\n\t\t\t\t<div class=\"elementor-widget-container\">\n\t\t\t\t\t\t\t\t\t<p>Juan sabe que a lideran\u00e7a \u00e9 pelo exemplo. Por 30 anos, Juan compartilhou seus talentos diretamente com os necessitados, incluindo cozinhar e servir os necessitados no abrigo de aquecimento de San Leandro, supervisionar o turno da noite nas primeiras horas da manh\u00e3 no abrigo de aquecimento de S\u00e3o Leandro e cozinhar e\/ ou transportando sopas para as Chuvas de Abril.<\/p><p>Juan foi volunt\u00e1rio em salas de aula, ensinou \u00e1lgebra para alunos da 5\u00aa s\u00e9rie, preparou refei\u00e7\u00f5es de cachorro-quente para 1.000 alunos e familiares que participaram da orienta\u00e7\u00e3o e ensinou tomada de decis\u00e3o moral para alunos do ensino m\u00e9dio. Juan compartilhou seu amor pela m\u00fasica servindo como engenheiro de som para muitos eventos, incluindo festivais escolares e religiosos, eventos de angaria\u00e7\u00e3o de fundos para organiza\u00e7\u00f5es sem fins lucrativos de San Leandro e o show de talentos da Comiss\u00e3o Consultiva da Juventude da Cidade de San Leandro. Ele tamb\u00e9m compartilhou seus talentos como m\u00fasico de igreja e l\u00edder de coral por d\u00e9cadas.<\/p><p>Juan ocupou v\u00e1rios cargos de lideran\u00e7a em San Leandro, inclusive atuando como vice-presidente da For\u00e7a-Tarefa Or\u00e7ament\u00e1ria da Cidade, Presidente do Conselho Local do SLHS e Presidente do Bancroft PTA. Juan tamb\u00e9m atuou nos Conselhos de Administra\u00e7\u00e3o da San Leandro Education Foundation e Big Brothers e Big Sisters of the East Bay. Al\u00e9m disso, tanto a cidade de San Leandro quanto o Distrito Escolar Unificado de San Leandro confiaram a Juan para atuar em comit\u00eas de contrata\u00e7\u00e3o de executivos-chave em cada ag\u00eancia.<\/p>\t\t\t\t\t\t\t\t<\/div>\n\t\t\t\t<\/div>\n\t\t\t\t\t<\/div>\n\t\t<\/div>\n\t\t\t\t\t<\/div>\n\t\t<\/section>\n\t\t\t\t<section class=\"elementor-section elementor-top-section elementor-element elementor-element-bc11863 elementor-section-content-middle elementor-section-full_width elementor-section-height-default elementor-section-height-default\" data-id=\"bc11863\" data-element_type=\"section\" data-settings=\"{&quot;background_background&quot;:&quot;classic&quot;}\">\n\t\t\t\t\t\t<div class=\"elementor-container elementor-column-gap-default\">\n\t\t\t\t\t<div class=\"elementor-column elementor-col-50 elementor-top-column elementor-element elementor-element-b1edd67\" data-id=\"b1edd67\" data-element_type=\"column\">\n\t\t\t<div class=\"elementor-widget-wrap elementor-element-populated\">\n\t\t\t\t\t\t<div class=\"elementor-element elementor-element-a13e735 elementor-widget elementor-widget-heading\" data-id=\"a13e735\" data-element_type=\"widget\" data-widget_type=\"heading.default\">\n\t\t\t\t<div class=\"elementor-widget-container\">\n\t\t\t\t\t<h3 class=\"elementor-heading-title elementor-size-default\">Um futuro melhor para San Leandro<\/h3>\t\t\t\t<\/div>\n\t\t\t\t<\/div>\n\t\t\t\t\t<\/div>\n\t\t<\/div>\n\t\t\t\t<div class=\"elementor-column elementor-col-50 elementor-top-column elementor-element elementor-element-23a1786\" data-id=\"23a1786\" data-element_type=\"column\">\n\t\t\t<div class=\"elementor-widget-wrap elementor-element-populated\">\n\t\t\t\t\t\t<div class=\"elementor-element elementor-element-5cdc4bb elementor-align-center elementor-mobile-align-center elementor-widget elementor-widget-button\" data-id=\"5cdc4bb\" data-element_type=\"widget\" data-widget_type=\"button.default\">\n\t\t\t\t<div class=\"elementor-widget-container\">\n\t\t\t\t\t\t\t\t\t<div class=\"elementor-button-wrapper\">\n\t\t\t\t\t<a class=\"elementor-button elementor-button-link elementor-size-lg\" href=\"https:\/\/forms.gle\/rgxsDxzLtKUqm5XL6\" target=\"_blank\">\n\t\t\t\t\t\t<span class=\"elementor-button-content-wrapper\">\n\t\t\t\t\t\t<span class=\"elementor-button-icon\">\n\t\t\t\t<i aria-hidden=\"true\" class=\"fas fa-angle-double-right\"><\/i>\t\t\t<\/span>\n\t\t\t\t\t\t\t\t\t<span class=\"elementor-button-text\">Apoiar Juan agora!<\/span>\n\t\t\t\t\t<\/span>\n\t\t\t\t\t<\/a>\n\t\t\t\t<\/div>\n\t\t\t\t\t\t\t\t<\/div>\n\t\t\t\t<\/div>\n\t\t\t\t\t<\/div>\n\t\t<\/div>\n\t\t\t\t\t<\/div>\n\t\t<\/section>\n\t\t\t\t<\/div>","protected":false},"excerpt":{"rendered":"<p>Quick Facts 30 years of service to our community Leader and individual contributor in diverse community organizations Ph.D. from M.I.T. in economics (major fields: public finance and industrial organization) Married to SLUSD School Board Trustee Evelyn Gonzalez for nearly 30 years Father of four children who attended and graduated from San Leandro public schools KPMG &hellip;<\/p>\n<p class=\"read-more\"> <a class=\"\" href=\"https:\/\/juangonzalezformayor.com\/pt\/meet-juan\/\"> <span class=\"screen-reader-text\">Conhe\u00e7a Juan<\/span> Read More &raquo;<\/a><\/p>","protected":false},"author":1,"featured_media":0,"parent":0,"menu_order":0,"comment_status":"closed","ping_status":"closed","template":"","meta":{"site-sidebar-layout":"no-sidebar","site-content-layout":"page-builder","ast-global-header-display":"","ast-banner-title-visibility":"","ast-main-header-display":"","ast-hfb-above-header-display":"","ast-hfb-below-header-display":"","ast-hfb-mobile-header-display":"","site-post-title":"disabled","ast-breadcrumbs-content":"","ast-featured-img":"disabled","footer-sml-layout":"","theme-transparent-header-meta":"","adv-header-id-meta":"","stick-header-meta":"","header-above-stick-meta":"","header-main-stick-meta":"","header-below-stick-meta":"","footnotes":""},"class_list":["post-184","page","type-page","status-publish","hentry"],"yoast_head":"<!-- This site is optimized with the Yoast SEO Premium plugin v20.13 (Yoast SEO v20.13) - https:\/\/yoast.com\/wordpress\/plugins\/seo\/ -->\n<title>Meet Juan - Juan Gonzalez for San Leandro Mayor<\/title>\n<meta name=\"robots\" content=\"index, follow, max-snippet:-1, max-image-preview:large, max-video-preview:-1\" \/>\n<link rel=\"canonical\" href=\"https:\/\/juangonzalezformayor.com\/pt\/meet-juan\/\" \/>\n<meta property=\"og:locale\" content=\"pt_PT\" \/>\n<meta property=\"og:type\" content=\"article\" \/>\n<meta property=\"og:title\" content=\"Meet Juan\" \/>\n<meta property=\"og:description\" content=\"Quick Facts 30 years of service to our community Leader and individual contributor in diverse community organizations Ph.D. from M.I.T. in economics (major fields: public finance and industrial organization) Married to SLUSD School Board Trustee Evelyn Gonzalez for nearly 30 years Father of four children who attended and graduated from San Leandro public schools KPMG &hellip; Meet Juan Read More &raquo;\" \/>\n<meta property=\"og:url\" content=\"https:\/\/juangonzalezformayor.com\/pt\/meet-juan\/\" \/>\n<meta property=\"og:site_name\" content=\"Juan Gonzalez for San Leandro Mayor\" \/>\n<meta property=\"article:publisher\" content=\"https:\/\/www.facebook.com\/juangonzalezformayor\" \/>\n<meta property=\"article:modified_time\" content=\"2022-10-25T06:06:06+00:00\" \/>\n<meta property=\"og:image\" content=\"https:\/\/juangonzalezformayor.com\/wp-content\/uploads\/elementor\/thumbs\/Gonzalez-Juan-USPM-2015-Headshot-2a-2-scaled-pleytf9endb4t55mpq1m8fdkx9zoq3ur93cs86d4w0.jpg\" \/>\n<meta name=\"twitter:card\" content=\"summary_large_image\" \/>\n<meta name=\"twitter:site\" content=\"@JuanGonzalezSL\" \/>\n<meta name=\"twitter:label1\" content=\"Tempo estimado de leitura\" \/>\n\t<meta name=\"twitter:data1\" content=\"4 minutos\" \/>\n<script type=\"application\/ld+json\" class=\"yoast-schema-graph\">{\"@context\":\"https:\/\/schema.org\",\"@graph\":[{\"@type\":\"WebPage\",\"@id\":\"https:\/\/juangonzalezformayor.com\/meet-juan\/\",\"url\":\"https:\/\/juangonzalezformayor.com\/meet-juan\/\",\"name\":\"Meet Juan - Juan Gonzalez for San Leandro Mayor\",\"isPartOf\":{\"@id\":\"https:\/\/juangonzalezformayor.com\/#website\"},\"datePublished\":\"2021-12-02T01:30:40+00:00\",\"dateModified\":\"2022-10-25T06:06:06+00:00\",\"breadcrumb\":{\"@id\":\"https:\/\/juangonzalezformayor.com\/meet-juan\/#breadcrumb\"},\"inLanguage\":\"pt-PT\",\"potentialAction\":[{\"@type\":\"ReadAction\",\"target\":[\"https:\/\/juangonzalezformayor.com\/meet-juan\/\"]}]},{\"@type\":\"BreadcrumbList\",\"@id\":\"https:\/\/juangonzalezformayor.com\/meet-juan\/#breadcrumb\",\"itemListElement\":[{\"@type\":\"ListItem\",\"position\":1,\"name\":\"Home\",\"item\":\"https:\/\/juangonzalezformayor.com\/\"},{\"@type\":\"ListItem\",\"position\":2,\"name\":\"Meet Juan\"}]},{\"@type\":\"WebSite\",\"@id\":\"https:\/\/juangonzalezformayor.com\/#website\",\"url\":\"https:\/\/juangonzalezformayor.com\/\",\"name\":\"Juan Gonzalez for San Leandro Mayor\",\"description\":\"A Brighter Future for San Leandro\",\"publisher\":{\"@id\":\"https:\/\/juangonzalezformayor.com\/#organization\"},\"potentialAction\":[{\"@type\":\"SearchAction\",\"target\":{\"@type\":\"EntryPoint\",\"urlTemplate\":\"https:\/\/juangonzalezformayor.com\/?s={search_term_string}\"},\"query-input\":\"required name=search_term_string\"}],\"inLanguage\":\"pt-PT\"},{\"@type\":\"Organization\",\"@id\":\"https:\/\/juangonzalezformayor.com\/#organization\",\"name\":\"Juan Gonzalez for Mayor 2022\",\"url\":\"https:\/\/juangonzalezformayor.com\/\",\"logo\":{\"@type\":\"ImageObject\",\"inLanguage\":\"pt-PT\",\"@id\":\"https:\/\/juangonzalezformayor.com\/#\/schema\/logo\/image\/\",\"url\":\"https:\/\/juangonzalezformayor.com\/wp-content\/uploads\/2021\/12\/Juangonzalezformayor_lawnsign.pdf-28-x-22-in-1.png\",\"contentUrl\":\"https:\/\/juangonzalezformayor.com\/wp-content\/uploads\/2021\/12\/Juangonzalezformayor_lawnsign.pdf-28-x-22-in-1.png\",\"width\":1271,\"height\":856,\"caption\":\"Juan Gonzalez for Mayor 2022\"},\"image\":{\"@id\":\"https:\/\/juangonzalezformayor.com\/#\/schema\/logo\/image\/\"},\"sameAs\":[\"https:\/\/www.facebook.com\/juangonzalezformayor\",\"https:\/\/twitter.com\/JuanGonzalezSL\",\"https:\/\/www.instagram.com\/juangonzalezformayor\/\",\"https:\/\/www.youtube.com\/channel\/UCEbqJ3Nhz3YUW2mO7dplc4w\",\"https:\/\/donorbox.org\/juan-gonzalez-for-mayor\"]}]}<\/script>\n<!-- \/ Yoast SEO Premium plugin. -->","yoast_head_json":{"title":"Meet Juan - Juan Gonzalez for San Leandro Mayor","robots":{"index":"index","follow":"follow","max-snippet":"max-snippet:-1","max-image-preview":"max-image-preview:large","max-video-preview":"max-video-preview:-1"},"canonical":"https:\/\/juangonzalezformayor.com\/pt\/meet-juan\/","og_locale":"pt_PT","og_type":"article","og_title":"Meet Juan","og_description":"Quick Facts 30 years of service to our community Leader and individual contributor in diverse community organizations Ph.D. from M.I.T. in economics (major fields: public finance and industrial organization) Married to SLUSD School Board Trustee Evelyn Gonzalez for nearly 30 years Father of four children who attended and graduated from San Leandro public schools KPMG &hellip; Meet Juan Read More &raquo;","og_url":"https:\/\/juangonzalezformayor.com\/pt\/meet-juan\/","og_site_name":"Juan Gonzalez for San Leandro Mayor","article_publisher":"https:\/\/www.facebook.com\/juangonzalezformayor","article_modified_time":"2022-10-25T06:06:06+00:00","og_image":[{"url":"https:\/\/juangonzalezformayor.com\/wp-content\/uploads\/elementor\/thumbs\/Gonzalez-Juan-USPM-2015-Headshot-2a-2-scaled-pleytf9endb4t55mpq1m8fdkx9zoq3ur93cs86d4w0.jpg"}],"twitter_card":"summary_large_image","twitter_site":"@JuanGonzalezSL","twitter_misc":{"Tempo estimado de leitura":"4 minutos"},"schema":{"@context":"https:\/\/schema.org","@graph":[{"@type":"WebPage","@id":"https:\/\/juangonzalezformayor.com\/meet-juan\/","url":"https:\/\/juangonzalezformayor.com\/meet-juan\/","name":"Meet Juan - Juan Gonzalez for San Leandro Mayor","isPartOf":{"@id":"https:\/\/juangonzalezformayor.com\/#website"},"datePublished":"2021-12-02T01:30:40+00:00","dateModified":"2022-10-25T06:06:06+00:00","breadcrumb":{"@id":"https:\/\/juangonzalezformayor.com\/meet-juan\/#breadcrumb"},"inLanguage":"pt-PT","potentialAction":[{"@type":"ReadAction","target":["https:\/\/juangonzalezformayor.com\/meet-juan\/"]}]},{"@type":"BreadcrumbList","@id":"https:\/\/juangonzalezformayor.com\/meet-juan\/#breadcrumb","itemListElement":[{"@type":"ListItem","position":1,"name":"Home","item":"https:\/\/juangonzalezformayor.com\/"},{"@type":"ListItem","position":2,"name":"Meet Juan"}]},{"@type":"WebSite","@id":"https:\/\/juangonzalezformayor.com\/#website","url":"https:\/\/juangonzalezformayor.com\/","name":"Juan Gonzalez for San Leandro Mayor","description":"Um futuro melhor para San Leandro","publisher":{"@id":"https:\/\/juangonzalezformayor.com\/#organization"},"potentialAction":[{"@type":"SearchAction","target":{"@type":"EntryPoint","urlTemplate":"https:\/\/juangonzalezformayor.com\/?s={search_term_string}"},"query-input":"required name=search_term_string"}],"inLanguage":"pt-PT"},{"@type":"Organization","@id":"https:\/\/juangonzalezformayor.com\/#organization","name":"Juan Gonzalez for Mayor 2022","url":"https:\/\/juangonzalezformayor.com\/","logo":{"@type":"ImageObject","inLanguage":"pt-PT","@id":"https:\/\/juangonzalezformayor.com\/#\/schema\/logo\/image\/","url":"https:\/\/juangonzalezformayor.com\/wp-content\/uploads\/2021\/12\/Juangonzalezformayor_lawnsign.pdf-28-x-22-in-1.png","contentUrl":"https:\/\/juangonzalezformayor.com\/wp-content\/uploads\/2021\/12\/Juangonzalezformayor_lawnsign.pdf-28-x-22-in-1.png","width":1271,"height":856,"caption":"Juan Gonzalez for Mayor 2022"},"image":{"@id":"https:\/\/juangonzalezformayor.com\/#\/schema\/logo\/image\/"},"sameAs":["https:\/\/www.facebook.com\/juangonzalezformayor","https:\/\/twitter.com\/JuanGonzalezSL","https:\/\/www.instagram.com\/juangonzalezformayor\/","https:\/\/www.youtube.com\/channel\/UCEbqJ3Nhz3YUW2mO7dplc4w","https:\/\/donorbox.org\/juan-gonzalez-for-mayor"]}]}},"_links":{"self":[{"href":"https:\/\/juangonzalezformayor.com\/pt\/wp-json\/wp\/v2\/pages\/184","targetHints":{"allow":["GET"]}}],"collection":[{"href":"https:\/\/juangonzalezformayor.com\/pt\/wp-json\/wp\/v2\/pages"}],"about":[{"href":"https:\/\/juangonzalezformayor.com\/pt\/wp-json\/wp\/v2\/types\/page"}],"author":[{"embeddable":true,"href":"https:\/\/juangonzalezformayor.com\/pt\/wp-json\/wp\/v2\/users\/1"}],"replies":[{"embeddable":true,"href":"https:\/\/juangonzalezformayor.com\/pt\/wp-json\/wp\/v2\/comments?post=184"}],"version-history":[{"count":153,"href":"https:\/\/juangonzalezformayor.com\/pt\/wp-json\/wp\/v2\/pages\/184\/revisions"}],"predecessor-version":[{"id":2516,"href":"https:\/\/juangonzalezformayor.com\/pt\/wp-json\/wp\/v2\/pages\/184\/revisions\/2516"}],"wp:attachment":[{"href":"https:\/\/juangonzalezformayor.com\/pt\/wp-json\/wp\/v2\/media?parent=184"}],"curies":[{"name":"wp","href":"https:\/\/api.w.org\/{rel}","templated":true}]}}