{"id":184,"date":"2021-12-02T01:30:40","date_gmt":"2021-12-02T01:30:40","guid":{"rendered":"https:\/\/juangonzalezformayor.com\/?page_id=184"},"modified":"2022-10-25T06:06:06","modified_gmt":"2022-10-25T06:06:06","slug":"meet-juan","status":"publish","type":"page","link":"https:\/\/juangonzalezformayor.com\/es\/meet-juan\/","title":{"rendered":"Conoce a Juan"},"content":{"rendered":"<div data-elementor-type=\"wp-page\" data-elementor-id=\"184\" class=\"elementor elementor-184\" data-elementor-post-type=\"page\">\n\t\t\t\t\t\t<section class=\"elementor-section elementor-top-section elementor-element elementor-element-624a095 elementor-section-full_width elementor-section-height-default elementor-section-height-default\" data-id=\"624a095\" data-element_type=\"section\">\n\t\t\t\t\t\t<div class=\"elementor-container elementor-column-gap-default\">\n\t\t\t\t\t<div class=\"elementor-column elementor-col-50 elementor-top-column elementor-element elementor-element-c07a985\" data-id=\"c07a985\" data-element_type=\"column\">\n\t\t\t<div class=\"elementor-widget-wrap elementor-element-populated\">\n\t\t\t\t\t\t<div class=\"elementor-element elementor-element-25f9776 elementor-widget elementor-widget-image\" data-id=\"25f9776\" data-element_type=\"widget\" data-widget_type=\"image.default\">\n\t\t\t\t<div class=\"elementor-widget-container\">\n\t\t\t\t\t\t\t\t\t\t\t\t\t\t\t<img decoding=\"async\" src=\"https:\/\/juangonzalezformayor.com\/wp-content\/uploads\/elementor\/thumbs\/Gonzalez-Juan-USPM-2015-Headshot-2a-2-scaled-pleytf9endb4t55mpq1m8fdkx9zoq3ur93ct2fbi2o.jpg\" title=\"Gonz\u00e1lez Juan USPM 2015 Headshot-2a (2)\" alt=\"Gonzalez Juan USPM 2015 Headshot-2a (2)\" loading=\"lazy\" \/>\t\t\t\t\t\t\t\t\t\t\t\t\t\t\t<\/div>\n\t\t\t\t<\/div>\n\t\t\t\t\t<\/div>\n\t\t<\/div>\n\t\t\t\t<div class=\"elementor-column elementor-col-50 elementor-top-column elementor-element elementor-element-01bf157\" data-id=\"01bf157\" data-element_type=\"column\">\n\t\t\t<div class=\"elementor-widget-wrap elementor-element-populated\">\n\t\t\t\t\t\t<div class=\"elementor-element elementor-element-92a13e6 elementor-widget elementor-widget-heading\" data-id=\"92a13e6\" data-element_type=\"widget\" data-widget_type=\"heading.default\">\n\t\t\t\t<div class=\"elementor-widget-container\">\n\t\t\t\t\t<h3 class=\"elementor-heading-title elementor-size-medium\">Hechos r\u00e1pidos<\/h3>\t\t\t\t<\/div>\n\t\t\t\t<\/div>\n\t\t\t\t<div class=\"elementor-element elementor-element-3702314 elementor-widget elementor-widget-text-editor\" data-id=\"3702314\" data-element_type=\"widget\" data-widget_type=\"text-editor.default\">\n\t\t\t\t<div class=\"elementor-widget-container\">\n\t\t\t\t\t\t\t\t\t<ul><li><span style=\"font-weight: 400;\">30 a\u00f1os de servicio a nuestra comunidad<\/span><\/li><li><span style=\"font-weight: 400;\">L\u00edder y colaborador individual en diversas organizaciones comunitarias<\/span><\/li><li><span style=\"font-weight: 400;\">Doctorado en econom\u00eda del MIT (campos principales: finanzas p\u00fablicas y organizaci\u00f3n industrial)<\/span><\/li><li><span style=\"font-weight: 400;\">Casado con Evelyn Gonz\u00e1lez, miembro de la Junta Escolar de SLUSD, durante casi 30 a\u00f1os<\/span><\/li><li><span style=\"font-weight: 400;\">Padre de cuatro hijos que asistieron y se graduaron de las escuelas p\u00fablicas de San Leandro<\/span><\/li><li><span style=\"font-weight: 400;\">Director de KPMG (propietario de la empresa)<\/span><\/li><\/ul>\t\t\t\t\t\t\t\t<\/div>\n\t\t\t\t<\/div>\n\t\t\t\t\t<\/div>\n\t\t<\/div>\n\t\t\t\t\t<\/div>\n\t\t<\/section>\n\t\t\t\t<section class=\"elementor-section elementor-top-section elementor-element elementor-element-3e37594 elementor-section-boxed elementor-section-height-default elementor-section-height-default\" data-id=\"3e37594\" data-element_type=\"section\">\n\t\t\t\t\t\t<div class=\"elementor-container elementor-column-gap-default\">\n\t\t\t\t\t<div class=\"elementor-column elementor-col-100 elementor-top-column elementor-element elementor-element-89c372f\" data-id=\"89c372f\" data-element_type=\"column\">\n\t\t\t<div class=\"elementor-widget-wrap elementor-element-populated\">\n\t\t\t\t\t\t<div class=\"elementor-element elementor-element-b1c4a6f elementor-widget elementor-widget-text-editor\" data-id=\"b1c4a6f\" data-element_type=\"widget\" data-widget_type=\"text-editor.default\">\n\t\t\t\t<div class=\"elementor-widget-container\">\n\t\t\t\t\t\t\t\t\t<h5 style=\"font-style: normal; text-align: center;\"><span style=\"text-decoration-line: underline;\"><span style=\"font-weight: bold;\">Conoce a Juan<\/span><\/span><\/h5><p style=\"font-size: 19.5px; font-style: normal; font-weight: 400; color: #54595f;\">Por m\u00e1s de 30 a\u00f1os, Juan ha servido en la comunidad de San Leandro desarrollando una reputaci\u00f3n bien merecida como l\u00edder trabajador, sabio y compasivo.<\/p><h5 style=\"font-style: normal; text-align: center;\"><span style=\"text-decoration-line: underline;\"><span style=\"font-weight: bold;\">Trabajo duro, determinaci\u00f3n y pasi\u00f3n por la educaci\u00f3n<\/span><\/span><\/h5><p style=\"font-size: 19.5px; font-style: normal; font-weight: 400; color: #54595f;\">Juan naci\u00f3 en Texas de padres mexicoamericanos cuyo camino para salir de la pobreza fue la educaci\u00f3n y el trabajo duro. Cuando era ni\u00f1o, escuch\u00f3 las historias de su madre sobre viajar al oeste de Texas para \u201cla pisca\u201d, la recolecci\u00f3n de cultivos de temporada, incluidos vegetales y algod\u00f3n. Ella compartir\u00eda la historia de un pariente que la condujo 20 millas y desinteresadamente le dio algo de dinero para inscribirse en su primera clase universitaria. Su padre comparti\u00f3 historias sobre la Gran Depresi\u00f3n y la importancia de estar preparado. Como maestros, ambos enfatizaron la importancia de la educaci\u00f3n, la diligencia y ayudar a los dem\u00e1s.<\/p>\t\t\t\t\t\t\t\t<\/div>\n\t\t\t\t<\/div>\n\t\t\t\t\t<\/div>\n\t\t<\/div>\n\t\t\t\t\t<\/div>\n\t\t<\/section>\n\t\t\t\t<section class=\"elementor-section elementor-top-section elementor-element elementor-element-1ab8b16 elementor-section-boxed elementor-section-height-default elementor-section-height-default\" data-id=\"1ab8b16\" data-element_type=\"section\">\n\t\t\t\t\t\t<div class=\"elementor-container elementor-column-gap-default\">\n\t\t\t\t\t<div class=\"elementor-column elementor-col-25 elementor-top-column elementor-element elementor-element-6bf33dc\" data-id=\"6bf33dc\" data-element_type=\"column\">\n\t\t\t<div class=\"elementor-widget-wrap\">\n\t\t\t\t\t\t\t<\/div>\n\t\t<\/div>\n\t\t\t\t<div class=\"elementor-column elementor-col-25 elementor-top-column elementor-element elementor-element-76e679b\" data-id=\"76e679b\" data-element_type=\"column\">\n\t\t\t<div class=\"elementor-widget-wrap elementor-element-populated\">\n\t\t\t\t\t\t<div class=\"elementor-element elementor-element-10975c5 elementor-widget elementor-widget-image\" data-id=\"10975c5\" data-element_type=\"widget\" data-widget_type=\"image.default\">\n\t\t\t\t<div class=\"elementor-widget-container\">\n\t\t\t\t\t\t\t\t\t\t\t\t<figure class=\"wp-caption\">\n\t\t\t\t\t\t\t\t\t\t<img decoding=\"async\" src=\"https:\/\/juangonzalezformayor.com\/wp-content\/uploads\/2022\/09\/Grandparents.jpg\" title=\"Grandparents\" alt=\"Juan&#039;s Grandparents\" loading=\"lazy\" \/>\t\t\t\t\t\t\t\t\t\t\t<figcaption class=\"widget-image-caption wp-caption-text\">Juan's grandparents<\/figcaption>\n\t\t\t\t\t\t\t\t\t\t<\/figure>\n\t\t\t\t\t\t\t\t\t<\/div>\n\t\t\t\t<\/div>\n\t\t\t\t\t<\/div>\n\t\t<\/div>\n\t\t\t\t<div class=\"elementor-column elementor-col-25 elementor-top-column elementor-element elementor-element-47f7a30\" data-id=\"47f7a30\" data-element_type=\"column\">\n\t\t\t<div class=\"elementor-widget-wrap elementor-element-populated\">\n\t\t\t\t\t\t<div class=\"elementor-element elementor-element-ea6153b elementor-widget elementor-widget-image\" data-id=\"ea6153b\" data-element_type=\"widget\" data-widget_type=\"image.default\">\n\t\t\t\t<div class=\"elementor-widget-container\">\n\t\t\t\t\t\t\t\t\t\t\t\t<figure class=\"wp-caption\">\n\t\t\t\t\t\t\t\t\t\t<img decoding=\"async\" src=\"https:\/\/juangonzalezformayor.com\/wp-content\/uploads\/2022\/09\/Baby_Juan_Volunteer1.jpg\" title=\"Baby_Juan_Volunteer1\" alt=\"Juan assisting his father\" loading=\"lazy\" \/>\t\t\t\t\t\t\t\t\t\t\t<figcaption class=\"widget-image-caption wp-caption-text\">Juan with his father<\/figcaption>\n\t\t\t\t\t\t\t\t\t\t<\/figure>\n\t\t\t\t\t\t\t\t\t<\/div>\n\t\t\t\t<\/div>\n\t\t\t\t\t<\/div>\n\t\t<\/div>\n\t\t\t\t<div class=\"elementor-column elementor-col-25 elementor-top-column elementor-element elementor-element-12b2c56\" data-id=\"12b2c56\" data-element_type=\"column\">\n\t\t\t<div class=\"elementor-widget-wrap\">\n\t\t\t\t\t\t\t<\/div>\n\t\t<\/div>\n\t\t\t\t\t<\/div>\n\t\t<\/section>\n\t\t\t\t<section class=\"elementor-section elementor-top-section elementor-element elementor-element-4500850 elementor-section-boxed elementor-section-height-default elementor-section-height-default\" data-id=\"4500850\" data-element_type=\"section\">\n\t\t\t\t\t\t<div class=\"elementor-container elementor-column-gap-default\">\n\t\t\t\t\t<div class=\"elementor-column elementor-col-100 elementor-top-column elementor-element elementor-element-3d783f1\" data-id=\"3d783f1\" data-element_type=\"column\">\n\t\t\t<div class=\"elementor-widget-wrap elementor-element-populated\">\n\t\t\t\t\t\t<div class=\"elementor-element elementor-element-ae885db elementor-widget elementor-widget-text-editor\" data-id=\"ae885db\" data-element_type=\"widget\" data-widget_type=\"text-editor.default\">\n\t\t\t\t<div class=\"elementor-widget-container\">\n\t\t\t\t\t\t\t\t\t<p>Inspirado por sus padres, Juan desarroll\u00f3 una pasi\u00f3n por aprender, ayudar y de ser l\u00edder. Juan se gradu\u00f3 de la Universidad de Texas con los m\u00e1s altos honores en econom\u00eda. Juan tambi\u00e9n aprendi\u00f3 el valor del trabajo duro y el trabajo honesto durante este tiempo, trabajando como busser, bagger, almacenista y tutor.<\/p><p>Con el apoyo de una beca de la Fundaci\u00f3n Ford, Juan continu\u00f3 su educaci\u00f3n y obtuvo un doctorado en econom\u00eda con especializaci\u00f3n en Finanzas P\u00fablicas y Organizaci\u00f3n Industrial del Instituto Tecnol\u00f3gico de Massachusetts (MIT) en el \u00e1rea de Boston.<\/p><p>Juan ingres\u00f3 al mundo de los negocios como analista de datos trabajando muchas horas. Eventualmente, Juan se convirti\u00f3 en propietario de un negocio como director de la importante firma de contabilidad KPMG, donde trabaj\u00f3 incluso m\u00e1s horas ayudando a agencias p\u00fablicas y clientes no gubernamentales a resolver problemas complejos. En KPMG, Juan dirigi\u00f3 con \u00e9xito un equipo talentoso y culturalmente diverso, ayudando a su personal a convertirse en l\u00edderes de la empresa.<\/p>\t\t\t\t\t\t\t\t<\/div>\n\t\t\t\t<\/div>\n\t\t\t\t\t<\/div>\n\t\t<\/div>\n\t\t\t\t\t<\/div>\n\t\t<\/section>\n\t\t\t\t<section class=\"elementor-section elementor-top-section elementor-element elementor-element-70e5db8 elementor-section-boxed elementor-section-height-default elementor-section-height-default\" data-id=\"70e5db8\" data-element_type=\"section\">\n\t\t\t\t\t\t<div class=\"elementor-container elementor-column-gap-default\">\n\t\t\t\t\t<div class=\"elementor-column elementor-col-100 elementor-top-column elementor-element elementor-element-e02f4a5\" data-id=\"e02f4a5\" data-element_type=\"column\">\n\t\t\t<div class=\"elementor-widget-wrap elementor-element-populated\">\n\t\t\t\t\t\t<div class=\"elementor-element elementor-element-9f0285a elementor-widget elementor-widget-text-editor\" data-id=\"9f0285a\" data-element_type=\"widget\" data-widget_type=\"text-editor.default\">\n\t\t\t\t<div class=\"elementor-widget-container\">\n\t\t\t\t\t\t\t\t\t<h5 style=\"text-align: center;\"><span style=\"text-decoration: underline;\"><strong>Formar una familia en San Leandro<\/strong><\/span><\/h5><p>Juan se cas\u00f3 con Evelyn hace casi 30 a\u00f1os. Juntos criaron a cuatro hijos maravillosos, todos los cuales asistieron y se graduaron de las escuelas p\u00fablicas de San Leandro. Actualmente est\u00e1n bendecidos con dos nietos.<\/p>\t\t\t\t\t\t\t\t<\/div>\n\t\t\t\t<\/div>\n\t\t\t\t\t<\/div>\n\t\t<\/div>\n\t\t\t\t\t<\/div>\n\t\t<\/section>\n\t\t\t\t<section class=\"elementor-section elementor-top-section elementor-element elementor-element-7b2fbf7 elementor-section-boxed elementor-section-height-default elementor-section-height-default\" data-id=\"7b2fbf7\" data-element_type=\"section\">\n\t\t\t\t\t\t<div class=\"elementor-container elementor-column-gap-default\">\n\t\t\t\t\t<div class=\"elementor-column elementor-col-100 elementor-top-column elementor-element elementor-element-264a119\" data-id=\"264a119\" data-element_type=\"column\">\n\t\t\t<div class=\"elementor-widget-wrap elementor-element-populated\">\n\t\t\t\t\t\t<div class=\"elementor-element elementor-element-adaa5af elementor-widget elementor-widget-image\" data-id=\"adaa5af\" data-element_type=\"widget\" data-widget_type=\"image.default\">\n\t\t\t\t<div class=\"elementor-widget-container\">\n\t\t\t\t\t\t\t\t\t\t\t\t<figure class=\"wp-caption\">\n\t\t\t\t\t\t\t\t\t\t<img decoding=\"async\" src=\"https:\/\/juangonzalezformayor.com\/wp-content\/uploads\/2022\/09\/Kids_Young-scaled-e1665093361831.jpg\" title=\"Kids_Young\" alt=\"Kids_Young\" loading=\"lazy\" \/>\t\t\t\t\t\t\t\t\t\t\t<figcaption class=\"widget-image-caption wp-caption-text\">Juan and Evelyn's four children (2006)<\/figcaption>\n\t\t\t\t\t\t\t\t\t\t<\/figure>\n\t\t\t\t\t\t\t\t\t<\/div>\n\t\t\t\t<\/div>\n\t\t\t\t\t<\/div>\n\t\t<\/div>\n\t\t\t\t\t<\/div>\n\t\t<\/section>\n\t\t\t\t<section class=\"elementor-section elementor-top-section elementor-element elementor-element-e12e5ad elementor-section-boxed elementor-section-height-default elementor-section-height-default\" data-id=\"e12e5ad\" data-element_type=\"section\">\n\t\t\t\t\t\t<div class=\"elementor-container elementor-column-gap-default\">\n\t\t\t\t\t<div class=\"elementor-column elementor-col-100 elementor-top-column elementor-element elementor-element-4611922\" data-id=\"4611922\" data-element_type=\"column\">\n\t\t\t<div class=\"elementor-widget-wrap elementor-element-populated\">\n\t\t\t\t\t\t<div class=\"elementor-element elementor-element-7a66646 elementor-widget elementor-widget-text-editor\" data-id=\"7a66646\" data-element_type=\"widget\" data-widget_type=\"text-editor.default\">\n\t\t\t\t<div class=\"elementor-widget-container\">\n\t\t\t\t\t\t\t\t\t<p>La paternidad brind\u00f3 a Evelyn y Juan la oportunidad de colaborar y explorar las fortalezas de cada uno. Si bien la crianza de los hijos no siempre fue f\u00e1cil, siguieron insistiendo en reforzar la importancia de los valores fundamentales como la honestidad, la fe, la compasi\u00f3n, la generosidad, el perd\u00f3n y anteponer las necesidades de los dem\u00e1s. Est\u00e1n agradecidos por el apoyo que recibieron de tantos en la comunidad a lo largo de los a\u00f1os, ya que realmente \u201ctoma un pueblo\u201d.<\/p><h5 style=\"text-align: center;\"><b><u>Servicio Excepcional y un Profundo Compromiso con San Leandro<\/u><\/b><\/h5>\t\t\t\t\t\t\t\t<\/div>\n\t\t\t\t<\/div>\n\t\t\t\t\t<\/div>\n\t\t<\/div>\n\t\t\t\t\t<\/div>\n\t\t<\/section>\n\t\t\t\t<section class=\"elementor-section elementor-top-section elementor-element elementor-element-6e07b0e elementor-section-boxed elementor-section-height-default elementor-section-height-default\" data-id=\"6e07b0e\" data-element_type=\"section\">\n\t\t\t\t\t\t<div class=\"elementor-container elementor-column-gap-default\">\n\t\t\t\t\t<div class=\"elementor-column elementor-col-100 elementor-top-column elementor-element elementor-element-c1044da\" data-id=\"c1044da\" data-element_type=\"column\">\n\t\t\t<div class=\"elementor-widget-wrap elementor-element-populated\">\n\t\t\t\t\t\t<div class=\"elementor-element elementor-element-c20637d elementor-widget elementor-widget-image\" data-id=\"c20637d\" data-element_type=\"widget\" data-widget_type=\"image.default\">\n\t\t\t\t<div class=\"elementor-widget-container\">\n\t\t\t\t\t\t\t\t\t\t\t\t<figure class=\"wp-caption\">\n\t\t\t\t\t\t\t\t\t\t<img decoding=\"async\" src=\"https:\/\/juangonzalezformayor.com\/wp-content\/uploads\/2022\/09\/Setup_Roosevelt_Festival-2-scaled.jpg\" title=\"Setup_Roosevelt_Festival-2\" alt=\"Setup_Roosevelt_Festival-2\" loading=\"lazy\" \/>\t\t\t\t\t\t\t\t\t\t\t<figcaption class=\"widget-image-caption wp-caption-text\">Juan and Evelyn volunteering for 30 years<\/figcaption>\n\t\t\t\t\t\t\t\t\t\t<\/figure>\n\t\t\t\t\t\t\t\t\t<\/div>\n\t\t\t\t<\/div>\n\t\t\t\t\t<\/div>\n\t\t<\/div>\n\t\t\t\t\t<\/div>\n\t\t<\/section>\n\t\t\t\t<section class=\"elementor-section elementor-top-section elementor-element elementor-element-c531521 elementor-section-boxed elementor-section-height-default elementor-section-height-default\" data-id=\"c531521\" data-element_type=\"section\">\n\t\t\t\t\t\t<div class=\"elementor-container elementor-column-gap-default\">\n\t\t\t\t\t<div class=\"elementor-column elementor-col-100 elementor-top-column elementor-element elementor-element-c1b0d18\" data-id=\"c1b0d18\" data-element_type=\"column\">\n\t\t\t<div class=\"elementor-widget-wrap elementor-element-populated\">\n\t\t\t\t\t\t<div class=\"elementor-element elementor-element-e9544a4 elementor-widget elementor-widget-text-editor\" data-id=\"e9544a4\" data-element_type=\"widget\" data-widget_type=\"text-editor.default\">\n\t\t\t\t<div class=\"elementor-widget-container\">\n\t\t\t\t\t\t\t\t\t<p>Juan sabe que el liderazgo es con el ejemplo. Durante 30 a\u00f1os, Juan ha compartido directamente sus talentos con los necesitados, incluyendo cocinar y atender a los necesitados en el refugio de calentamiento de San Leandro, supervisar el turno de noche en las primeras horas de la ma\u00f1ana en el refugio de calentamiento de St. Leander, y cocinar y\/o transportar sopas para April Showers.<\/p><p>Juan se ha ofrecido como voluntario en las aulas, ha ense\u00f1ado \u00e1lgebra a alumnos de quinto grado, ha cocinado perritos calientes para 1000 alumnos y familiares que asisten a la orientaci\u00f3n y ha ense\u00f1ado la toma de decisiones morales a alumnos de secundaria. Juan ha compartido su amor por la m\u00fasica sirviendo como ingeniero de sonido para muchos eventos, incluidos festivales escolares y de la iglesia, eventos de recaudaci\u00f3n de fondos para organizaciones sin fines de lucro de San Leandro y el espect\u00e1culo de talentos de la Comisi\u00f3n Asesora Juvenil de la Ciudad de San Leandro. Tambi\u00e9n ha compartido sus talentos como m\u00fasico de iglesia y l\u00edder de coro durante d\u00e9cadas.<\/p><p>Juan ha ocupado numerosos puestos de liderazgo en San Leandro, incluido el de vicepresidente del Community Advisory Budget Task Force, presidente del consejo local de SLHS y presidente de la PTA de Bancroft. Juan tambi\u00e9n sirvi\u00f3 en las juntas directivas de la Fundaci\u00f3n Educativa San Leandro (SLED) y Big Brothers and Big Sisters of the East Bay. Adem\u00e1s, tanto la Ciudad de San Leandro como el Distrito Escolar Unificado de San Leandro le han confiado a Juan que se desempe\u00f1e en los comit\u00e9s de contrataci\u00f3n de ejecutivos clave en cada agencia.<\/p>\t\t\t\t\t\t\t\t<\/div>\n\t\t\t\t<\/div>\n\t\t\t\t\t<\/div>\n\t\t<\/div>\n\t\t\t\t\t<\/div>\n\t\t<\/section>\n\t\t\t\t<section class=\"elementor-section elementor-top-section elementor-element elementor-element-bc11863 elementor-section-content-middle elementor-section-full_width elementor-section-height-default elementor-section-height-default\" data-id=\"bc11863\" data-element_type=\"section\" data-settings=\"{&quot;background_background&quot;:&quot;classic&quot;}\">\n\t\t\t\t\t\t<div class=\"elementor-container elementor-column-gap-default\">\n\t\t\t\t\t<div class=\"elementor-column elementor-col-50 elementor-top-column elementor-element elementor-element-b1edd67\" data-id=\"b1edd67\" data-element_type=\"column\">\n\t\t\t<div class=\"elementor-widget-wrap elementor-element-populated\">\n\t\t\t\t\t\t<div class=\"elementor-element elementor-element-a13e735 elementor-widget elementor-widget-heading\" data-id=\"a13e735\" data-element_type=\"widget\" data-widget_type=\"heading.default\">\n\t\t\t\t<div class=\"elementor-widget-container\">\n\t\t\t\t\t<h3 class=\"elementor-heading-title elementor-size-default\">Un futuro m\u00e1s brillante para San Leandro<\/h3>\t\t\t\t<\/div>\n\t\t\t\t<\/div>\n\t\t\t\t\t<\/div>\n\t\t<\/div>\n\t\t\t\t<div class=\"elementor-column elementor-col-50 elementor-top-column elementor-element elementor-element-23a1786\" data-id=\"23a1786\" data-element_type=\"column\">\n\t\t\t<div class=\"elementor-widget-wrap elementor-element-populated\">\n\t\t\t\t\t\t<div class=\"elementor-element elementor-element-5cdc4bb elementor-align-center elementor-mobile-align-center elementor-widget elementor-widget-button\" data-id=\"5cdc4bb\" data-element_type=\"widget\" data-widget_type=\"button.default\">\n\t\t\t\t<div class=\"elementor-widget-container\">\n\t\t\t\t\t\t\t\t\t<div class=\"elementor-button-wrapper\">\n\t\t\t\t\t<a class=\"elementor-button elementor-button-link elementor-size-lg\" href=\"https:\/\/forms.gle\/rgxsDxzLtKUqm5XL6\" target=\"_blank\">\n\t\t\t\t\t\t<span class=\"elementor-button-content-wrapper\">\n\t\t\t\t\t\t<span class=\"elementor-button-icon\">\n\t\t\t\t<i aria-hidden=\"true\" class=\"fas fa-angle-double-right\"><\/i>\t\t\t<\/span>\n\t\t\t\t\t\t\t\t\t<span class=\"elementor-button-text\">\u00a1Respalda a Juan ahora!<\/span>\n\t\t\t\t\t<\/span>\n\t\t\t\t\t<\/a>\n\t\t\t\t<\/div>\n\t\t\t\t\t\t\t\t<\/div>\n\t\t\t\t<\/div>\n\t\t\t\t\t<\/div>\n\t\t<\/div>\n\t\t\t\t\t<\/div>\n\t\t<\/section>\n\t\t\t\t<\/div>","protected":false},"excerpt":{"rendered":"<p>Quick Facts 30 years of service to our community Leader and individual contributor in diverse community organizations Ph.D. from M.I.T. in economics (major fields: public finance and industrial organization) Married to SLUSD School Board Trustee Evelyn Gonzalez for nearly 30 years Father of four children who attended and graduated from San Leandro public schools KPMG &hellip;<\/p>\n<p class=\"read-more\"> <a class=\"\" href=\"https:\/\/juangonzalezformayor.com\/es\/meet-juan\/\"> <span class=\"screen-reader-text\">Conoce a Juan<\/span> Leer m\u00e1s &raquo;<\/a><\/p>","protected":false},"author":1,"featured_media":0,"parent":0,"menu_order":0,"comment_status":"closed","ping_status":"closed","template":"","meta":{"site-sidebar-layout":"no-sidebar","site-content-layout":"page-builder","ast-global-header-display":"","ast-banner-title-visibility":"","ast-main-header-display":"","ast-hfb-above-header-display":"","ast-hfb-below-header-display":"","ast-hfb-mobile-header-display":"","site-post-title":"disabled","ast-breadcrumbs-content":"","ast-featured-img":"disabled","footer-sml-layout":"","theme-transparent-header-meta":"","adv-header-id-meta":"","stick-header-meta":"","header-above-stick-meta":"","header-main-stick-meta":"","header-below-stick-meta":"","footnotes":""},"class_list":["post-184","page","type-page","status-publish","hentry"],"yoast_head":"<!-- This site is optimized with the Yoast SEO Premium plugin v20.13 (Yoast SEO v20.13) - https:\/\/yoast.com\/wordpress\/plugins\/seo\/ -->\n<title>Meet Juan - Juan Gonzalez for San Leandro Mayor<\/title>\n<meta name=\"robots\" content=\"index, follow, max-snippet:-1, max-image-preview:large, max-video-preview:-1\" \/>\n<link rel=\"canonical\" href=\"https:\/\/juangonzalezformayor.com\/es\/meet-juan\/\" \/>\n<meta property=\"og:locale\" content=\"es_MX\" \/>\n<meta property=\"og:type\" content=\"article\" \/>\n<meta property=\"og:title\" content=\"Meet Juan\" \/>\n<meta property=\"og:description\" content=\"Quick Facts 30 years of service to our community Leader and individual contributor in diverse community organizations Ph.D. from M.I.T. in economics (major fields: public finance and industrial organization) Married to SLUSD School Board Trustee Evelyn Gonzalez for nearly 30 years Father of four children who attended and graduated from San Leandro public schools KPMG &hellip; Meet Juan Leer m\u00e1s &raquo;\" \/>\n<meta property=\"og:url\" content=\"https:\/\/juangonzalezformayor.com\/es\/meet-juan\/\" \/>\n<meta property=\"og:site_name\" content=\"Juan Gonzalez for San Leandro Mayor\" \/>\n<meta property=\"article:publisher\" content=\"https:\/\/www.facebook.com\/juangonzalezformayor\" \/>\n<meta property=\"article:modified_time\" content=\"2022-10-25T06:06:06+00:00\" \/>\n<meta property=\"og:image\" content=\"https:\/\/juangonzalezformayor.com\/wp-content\/uploads\/elementor\/thumbs\/Gonzalez-Juan-USPM-2015-Headshot-2a-2-scaled-pleytf9endb4t55mpq1m8fdkx9zoq3ur93cs86d4w0.jpg\" \/>\n<meta name=\"twitter:card\" content=\"summary_large_image\" \/>\n<meta name=\"twitter:site\" content=\"@JuanGonzalezSL\" \/>\n<meta name=\"twitter:label1\" content=\"Tiempo de lectura\" \/>\n\t<meta name=\"twitter:data1\" content=\"4 minutos\" \/>\n<script type=\"application\/ld+json\" class=\"yoast-schema-graph\">{\"@context\":\"https:\/\/schema.org\",\"@graph\":[{\"@type\":\"WebPage\",\"@id\":\"https:\/\/juangonzalezformayor.com\/meet-juan\/\",\"url\":\"https:\/\/juangonzalezformayor.com\/meet-juan\/\",\"name\":\"Meet Juan - Juan Gonzalez for San Leandro Mayor\",\"isPartOf\":{\"@id\":\"https:\/\/juangonzalezformayor.com\/#website\"},\"datePublished\":\"2021-12-02T01:30:40+00:00\",\"dateModified\":\"2022-10-25T06:06:06+00:00\",\"breadcrumb\":{\"@id\":\"https:\/\/juangonzalezformayor.com\/meet-juan\/#breadcrumb\"},\"inLanguage\":\"es\",\"potentialAction\":[{\"@type\":\"ReadAction\",\"target\":[\"https:\/\/juangonzalezformayor.com\/meet-juan\/\"]}]},{\"@type\":\"BreadcrumbList\",\"@id\":\"https:\/\/juangonzalezformayor.com\/meet-juan\/#breadcrumb\",\"itemListElement\":[{\"@type\":\"ListItem\",\"position\":1,\"name\":\"Home\",\"item\":\"https:\/\/juangonzalezformayor.com\/\"},{\"@type\":\"ListItem\",\"position\":2,\"name\":\"Meet Juan\"}]},{\"@type\":\"WebSite\",\"@id\":\"https:\/\/juangonzalezformayor.com\/#website\",\"url\":\"https:\/\/juangonzalezformayor.com\/\",\"name\":\"Juan Gonzalez for San Leandro Mayor\",\"description\":\"A Brighter Future for San Leandro\",\"publisher\":{\"@id\":\"https:\/\/juangonzalezformayor.com\/#organization\"},\"potentialAction\":[{\"@type\":\"SearchAction\",\"target\":{\"@type\":\"EntryPoint\",\"urlTemplate\":\"https:\/\/juangonzalezformayor.com\/?s={search_term_string}\"},\"query-input\":\"required name=search_term_string\"}],\"inLanguage\":\"es\"},{\"@type\":\"Organization\",\"@id\":\"https:\/\/juangonzalezformayor.com\/#organization\",\"name\":\"Juan Gonzalez for Mayor 2022\",\"url\":\"https:\/\/juangonzalezformayor.com\/\",\"logo\":{\"@type\":\"ImageObject\",\"inLanguage\":\"es\",\"@id\":\"https:\/\/juangonzalezformayor.com\/#\/schema\/logo\/image\/\",\"url\":\"https:\/\/juangonzalezformayor.com\/wp-content\/uploads\/2021\/12\/Juangonzalezformayor_lawnsign.pdf-28-x-22-in-1.png\",\"contentUrl\":\"https:\/\/juangonzalezformayor.com\/wp-content\/uploads\/2021\/12\/Juangonzalezformayor_lawnsign.pdf-28-x-22-in-1.png\",\"width\":1271,\"height\":856,\"caption\":\"Juan Gonzalez for Mayor 2022\"},\"image\":{\"@id\":\"https:\/\/juangonzalezformayor.com\/#\/schema\/logo\/image\/\"},\"sameAs\":[\"https:\/\/www.facebook.com\/juangonzalezformayor\",\"https:\/\/twitter.com\/JuanGonzalezSL\",\"https:\/\/www.instagram.com\/juangonzalezformayor\/\",\"https:\/\/www.youtube.com\/channel\/UCEbqJ3Nhz3YUW2mO7dplc4w\",\"https:\/\/donorbox.org\/juan-gonzalez-for-mayor\"]}]}<\/script>\n<!-- \/ Yoast SEO Premium plugin. -->","yoast_head_json":{"title":"Meet Juan - Juan Gonzalez for San Leandro Mayor","robots":{"index":"index","follow":"follow","max-snippet":"max-snippet:-1","max-image-preview":"max-image-preview:large","max-video-preview":"max-video-preview:-1"},"canonical":"https:\/\/juangonzalezformayor.com\/es\/meet-juan\/","og_locale":"es_MX","og_type":"article","og_title":"Meet Juan","og_description":"Quick Facts 30 years of service to our community Leader and individual contributor in diverse community organizations Ph.D. from M.I.T. in economics (major fields: public finance and industrial organization) Married to SLUSD School Board Trustee Evelyn Gonzalez for nearly 30 years Father of four children who attended and graduated from San Leandro public schools KPMG &hellip; Meet Juan Leer m\u00e1s &raquo;","og_url":"https:\/\/juangonzalezformayor.com\/es\/meet-juan\/","og_site_name":"Juan Gonzalez for San Leandro Mayor","article_publisher":"https:\/\/www.facebook.com\/juangonzalezformayor","article_modified_time":"2022-10-25T06:06:06+00:00","og_image":[{"url":"https:\/\/juangonzalezformayor.com\/wp-content\/uploads\/elementor\/thumbs\/Gonzalez-Juan-USPM-2015-Headshot-2a-2-scaled-pleytf9endb4t55mpq1m8fdkx9zoq3ur93cs86d4w0.jpg"}],"twitter_card":"summary_large_image","twitter_site":"@JuanGonzalezSL","twitter_misc":{"Tiempo de lectura":"4 minutos"},"schema":{"@context":"https:\/\/schema.org","@graph":[{"@type":"WebPage","@id":"https:\/\/juangonzalezformayor.com\/meet-juan\/","url":"https:\/\/juangonzalezformayor.com\/meet-juan\/","name":"Meet Juan - Juan Gonzalez for San Leandro Mayor","isPartOf":{"@id":"https:\/\/juangonzalezformayor.com\/#website"},"datePublished":"2021-12-02T01:30:40+00:00","dateModified":"2022-10-25T06:06:06+00:00","breadcrumb":{"@id":"https:\/\/juangonzalezformayor.com\/meet-juan\/#breadcrumb"},"inLanguage":"es","potentialAction":[{"@type":"ReadAction","target":["https:\/\/juangonzalezformayor.com\/meet-juan\/"]}]},{"@type":"BreadcrumbList","@id":"https:\/\/juangonzalezformayor.com\/meet-juan\/#breadcrumb","itemListElement":[{"@type":"ListItem","position":1,"name":"Home","item":"https:\/\/juangonzalezformayor.com\/"},{"@type":"ListItem","position":2,"name":"Meet Juan"}]},{"@type":"WebSite","@id":"https:\/\/juangonzalezformayor.com\/#website","url":"https:\/\/juangonzalezformayor.com\/","name":"Juan Gonzalez for San Leandro Mayor","description":"Un futuro m\u00e1s brillante para San Leandro","publisher":{"@id":"https:\/\/juangonzalezformayor.com\/#organization"},"potentialAction":[{"@type":"SearchAction","target":{"@type":"EntryPoint","urlTemplate":"https:\/\/juangonzalezformayor.com\/?s={search_term_string}"},"query-input":"required name=search_term_string"}],"inLanguage":"es"},{"@type":"Organization","@id":"https:\/\/juangonzalezformayor.com\/#organization","name":"Juan Gonzalez for Mayor 2022","url":"https:\/\/juangonzalezformayor.com\/","logo":{"@type":"ImageObject","inLanguage":"es","@id":"https:\/\/juangonzalezformayor.com\/#\/schema\/logo\/image\/","url":"https:\/\/juangonzalezformayor.com\/wp-content\/uploads\/2021\/12\/Juangonzalezformayor_lawnsign.pdf-28-x-22-in-1.png","contentUrl":"https:\/\/juangonzalezformayor.com\/wp-content\/uploads\/2021\/12\/Juangonzalezformayor_lawnsign.pdf-28-x-22-in-1.png","width":1271,"height":856,"caption":"Juan Gonzalez for Mayor 2022"},"image":{"@id":"https:\/\/juangonzalezformayor.com\/#\/schema\/logo\/image\/"},"sameAs":["https:\/\/www.facebook.com\/juangonzalezformayor","https:\/\/twitter.com\/JuanGonzalezSL","https:\/\/www.instagram.com\/juangonzalezformayor\/","https:\/\/www.youtube.com\/channel\/UCEbqJ3Nhz3YUW2mO7dplc4w","https:\/\/donorbox.org\/juan-gonzalez-for-mayor"]}]}},"_links":{"self":[{"href":"https:\/\/juangonzalezformayor.com\/es\/wp-json\/wp\/v2\/pages\/184","targetHints":{"allow":["GET"]}}],"collection":[{"href":"https:\/\/juangonzalezformayor.com\/es\/wp-json\/wp\/v2\/pages"}],"about":[{"href":"https:\/\/juangonzalezformayor.com\/es\/wp-json\/wp\/v2\/types\/page"}],"author":[{"embeddable":true,"href":"https:\/\/juangonzalezformayor.com\/es\/wp-json\/wp\/v2\/users\/1"}],"replies":[{"embeddable":true,"href":"https:\/\/juangonzalezformayor.com\/es\/wp-json\/wp\/v2\/comments?post=184"}],"version-history":[{"count":153,"href":"https:\/\/juangonzalezformayor.com\/es\/wp-json\/wp\/v2\/pages\/184\/revisions"}],"predecessor-version":[{"id":2516,"href":"https:\/\/juangonzalezformayor.com\/es\/wp-json\/wp\/v2\/pages\/184\/revisions\/2516"}],"wp:attachment":[{"href":"https:\/\/juangonzalezformayor.com\/es\/wp-json\/wp\/v2\/media?parent=184"}],"curies":[{"name":"wp","href":"https:\/\/api.w.org\/{rel}","templated":true}]}}